{"version":"1.0","provider_name":"SOPHIA DE MELLO BREYNER ANDRESEN VERSEK","provider_url":"https:\/\/laninnanonna.cafeblog.hu","author_name":"Lipp M\u00e1rta","author_url":"https:\/\/laninnanonna.cafeblog.hu\/author\/lipp-marta\/","title":"ITHAKA KIR\u00c1LYA","html":"<p><a href=\"https:\/\/laninnanonna.cafeblog.hu\/files\/2017\/05\/Mosa\u00efque_dUlysse_et_les_sir\u00e8nes.jpg\"><img class=\"alignleft wp-image-179 size-large\" src=\"https:\/\/laninnanonna.cafeblog.hu\/files\/2017\/05\/Mosa\u00efque_dUlysse_et_les_sir\u00e8nes-600x327.jpg\" alt=\"\" width=\"600\" height=\"327\" \/><\/a><\/p>\r\n<h2>\u00a0<\/h2>\r\n<h2>Ithaka kir\u00e1lya<\/h2>\r\n<p>&nbsp;<\/p>\r\n<p><strong>A civiliz\u00e1ci\u00f3 amiben \u00e9l\u00fcnk olyan rossz \u00fatra t\u00e9vedt<br \/><\/strong><\/p>\r\n<p><strong>Hogy a gondolat \u00e9s a k\u00e9z sz\u00e9jjelkapcsol\u00f3dott<br \/><\/strong><\/p>\r\n<p>&nbsp;<\/p>\r\n<p><strong>Ulisses Ithaka kir\u00e1lya maga \u00e1csolta a haj\u00f3t<\/strong><\/p>\r\n<p><strong>\u00c9s azzal is b\u00fcszk\u00e9lkedett hogy ak\u00e1rmilyen<\/strong><\/p>\r\n<p><strong>Mez\u0151n az ek\u00e9je egyenes bar\u00e1zd\u00e1t sz\u00e1ntott <br \/><\/strong><\/p>\r\n<p><strong>\u00a0\u00a0\u00a0\u00a0\u00a0\u00a0\u00a0\u00a0\u00a0\u00a0\u00a0\u00a0\u00a0\u00a0\u00a0\u00a0\u00a0\u00a0\u00a0\u00a0\u00a0\u00a0\u00a0\u00a0\u00a0\u00a0\u00a0\u00a0\u00a0\u00a0\u00a0\u00a0\u00a0\u00a0\u00a0\u00a0\u00a0\u00a0\u00a0\u00a0\u00a0\u00a0\u00a0\u00a0\u00a0\u00a0\u00a0\u00a0\u00a0\u00a0\u00a0\u00a0\u00a0\u00a0\u00a0\u00a0\u00a0\u00a0\u00a0 <em>Lipp M\u00e1rta ford\u00edt\u00e1sa<\/em><\/strong><\/p>\r\n<p>&nbsp;<\/p>\r\n<h2>O rei de \u00cdtaca<\/h2>\r\n<p>&nbsp;<\/p>\r\n<p><strong>A civiliza\u00e7\u00e3o em que estamos \u00e9 t\u00e3o errada que<\/strong><br \/><strong> Nela o pensamento se desligou da m\u00e3o<\/strong><br \/> <br \/><strong> Ulisses rei de \u00cdtaca carpinteirou seu barco<\/strong><br \/><strong> E gabava-se tamb\u00e9m de saber conduzir<\/strong><br \/><strong> Num campo a direito o sulco do arado<\/strong><\/p>\r\n<p><strong>1977<\/strong><\/p>\r\n<p>&nbsp;<\/p>\r\n<p><strong>K\u00e9p: Od\u00fcsszeusz \u00e9s a szir\u00e9nek, II. sz\u00e1zad, Ulixes mosaic\u00a0 at the Bardo National Museum in Tunis.<\/strong><\/p>","type":"rich"}