{"version":"1.0","provider_name":"SOPHIA DE MELLO BREYNER ANDRESEN VERSEK","provider_url":"https:\/\/laninnanonna.cafeblog.hu","author_name":"Lipp M\u00e1rta","author_url":"https:\/\/laninnanonna.cafeblog.hu\/author\/lipp-marta\/","title":"AZ ELS\u0150 EMBER","html":"<p><a href=\"https:\/\/laninnanonna.cafeblog.hu\/files\/2017\/05\/paul-elle-Ranson-Apple-tree-with-red-fruit-1.jpg\"><img class=\"alignleft wp-image-173 size-large\" src=\"https:\/\/laninnanonna.cafeblog.hu\/files\/2017\/05\/paul-elle-Ranson-Apple-tree-with-red-fruit-1-600x400.jpg\" alt=\"\" width=\"600\" height=\"400\" \/><\/a><\/p>\r\n<h2><strong>Az els\u0151 ember<\/strong><\/h2>\r\n<p><strong>\u00a0<\/strong><\/p>\r\n<p><strong>Mint amilyen a f\u00f6ldi sz\u00fclet\u00e9s\u0171 fa, olyan volt,<\/strong><\/p>\r\n<p><strong>Az elevens\u00e9ge a f\u00f6ld t\u00fcz\u00e9vel \u00f6sszefon\u00f3dott,<\/strong><\/p>\r\n<p><strong>\u00c9s az \u00e1rap\u00e1ly t\u00e1gas \u00e9nek\u00e9be<\/strong><\/p>\r\n<p><strong>Folyt bele a saj\u00e1t tulajdon l\u00fcktet\u00e9se.<\/strong><\/p>\r\n<p><strong>\u00a0<\/strong><\/p>\r\n<p><strong>Az elemek m\u00e9rt\u00e9ke szerint teremtett<\/strong><\/p>\r\n<p><strong>L\u00e9lek \u00e9s \u00e9rzelem nem keltett<\/strong><\/p>\r\n<p><strong>Benne k\u00ednz\u00f3 gy\u00f6trelmet, hanem<\/strong><\/p>\r\n<p><strong>T\u00f3 volt, m\u00e9ly, tekint\u00e9lyes,<\/strong><\/p>\r\n<p><strong>\u00dcres.<\/strong><\/p>\r\n<p><strong>A vil\u00e1got t\u00fckr\u00f6zte<\/strong><\/p>\r\n<p><strong>\u00c9s a fels\u0151 terekbe<\/strong><\/p>\r\n<p><strong>Emelkedett f\u00f6ld visszhangja m\u00e9lys\u00e9get<\/strong><\/p>\r\n<p><strong>Vitt \u00e9s impulzusokat a kebelbe,<\/strong><\/p>\r\n<p><strong>Egyazon ritmikus t\u00f6k\u00e9lybe<\/strong><\/p>\r\n<p><strong>Vonva a mozg\u00f3 kezeket.<\/strong><\/p>\r\n<p><strong>\u00a0\u00a0\u00a0\u00a0\u00a0\u00a0\u00a0\u00a0\u00a0\u00a0\u00a0\u00a0\u00a0\u00a0\u00a0\u00a0\u00a0\u00a0\u00a0\u00a0\u00a0\u00a0\u00a0\u00a0\u00a0\u00a0\u00a0\u00a0\u00a0\u00a0 <em>Lipp M\u00e1rta ford\u00edt\u00e1sa<\/em><\/strong><\/p>\r\n<p>&nbsp;<\/p>\r\n<p>https:\/\/www.youtube.com\/watch?v=eON0jkS46C0<\/p>\r\n<p>&nbsp;<\/p>\r\n<table width=\"370\">\r\n<tbody>\r\n<tr>\r\n<td>\r\n<h2>O PRIMEIRO HOMEM<\/h2>\r\n<\/td>\r\n<\/tr>\r\n<tr>\r\n<td>\r\n<p>Era como uma \u00e1rvore da terra nascida <br \/> Confundindo com o ardor da terra a sua vida, <br \/> E no vasto cantar das mar\u00e9s cheias <br \/> Continuava o bater das suas veias. <br \/> <br \/> Criados \u00e0 medida dos elementos <br \/> A alma e os sentimentos <br \/> Em si n\u00e3o eram tormentos <br \/> Mas graves, grandes, vagos, <br \/> Lagos <br \/> Reflectindo o mundo, <br \/> E o eco sem fundo <br \/> Da ascens\u00e3o da terra nos espa\u00e7os <br \/> Eram os impulsos do seu peito <br \/> Florindo num ritmo perfeito <br \/> Nos gestos dos seus bra\u00e7os.<\/p>\r\n<\/td>\r\n<\/tr>\r\n<\/tbody>\r\n<\/table>\r\n<p>&nbsp;<\/p>\r\n<p>K\u00e9p: <strong>Paul-Elle Ranson,<\/strong> Almafa piros gy\u00fcm\u00f6lccsel.<\/p>","type":"rich"}